{"id":237,"date":"2014-09-11T16:23:06","date_gmt":"2014-09-11T16:23:06","guid":{"rendered":"http:\/\/www.indemipe.com\/indemipe3\/?page_id=237"},"modified":"2014-09-11T16:23:06","modified_gmt":"2014-09-11T16:23:06","slug":"congresos-2","status":"publish","type":"page","link":"http:\/\/www.indemipe.com\/indemipe3\/?page_id=237","title":{"rendered":"Congresos"},"content":{"rendered":"<table border=\"1\">\n<tbody>\n<tr>\n<td colspan=\"5\" align=\"left\"><img loading=\"lazy\" id=\"fichas_r1_c1\" src=\"http:\/\/www.indemipe.com\/indemipe\/fichas_r1_c1.jpg\" alt=\"\" width=\"660\" height=\"51\" name=\"fichas_r1_c1\" border=\"0\" \/><\/td>\n<\/tr>\n<tr>\n<td><a href=\"http:\/\/www.indemipe.com\/indemipe\/Ada-Alegre.pdf\" target=\"_blank\"><img loading=\"lazy\" id=\"fichas_r2_c1\" src=\"http:\/\/www.indemipe.com\/indemipe\/fichas_r2_c1.jpg\" alt=\"\" width=\"127\" height=\"109\" name=\"fichas_r2_c1\" border=\"0\" \/><\/a><\/td>\n<td><a href=\"http:\/\/www.indemipe.com\/indemipe\/Alexandra-Laverdure.pdf\" target=\"_blank\"><img loading=\"lazy\" id=\"fichas_r2_c3\" src=\"http:\/\/www.indemipe.com\/indemipe\/fichas_r2_c3.jpg\" alt=\"\" width=\"136\" height=\"109\" name=\"fichas_r2_c3\" border=\"0\" \/><\/a><\/td>\n<td><a href=\"http:\/\/www.indemipe.com\/indemipe\/Angel-Chavez.pdf\" target=\"_blank\"><img loading=\"lazy\" id=\"fichas_r2_c5\" src=\"http:\/\/www.indemipe.com\/indemipe\/fichas_r2_c5.jpg\" alt=\"\" width=\"136\" height=\"109\" name=\"fichas_r2_c5\" border=\"0\" \/><\/a><\/td>\n<td><a href=\"http:\/\/www.indemipe.com\/indemipe\/Antonio-Pinilla.pdf\" target=\"_blank\"><img loading=\"lazy\" id=\"fichas_r2_c7\" src=\"http:\/\/www.indemipe.com\/indemipe\/fichas_r2_c7.jpg\" alt=\"\" width=\"134\" height=\"109\" name=\"fichas_r2_c7\" border=\"0\" \/><\/a><\/td>\n<td><a href=\"http:\/\/www.indemipe.com\/indemipe\/Carlos-Aranda.pdf\" target=\"_blank\"><img loading=\"lazy\" id=\"fichas_r2_c9\" src=\"http:\/\/www.indemipe.com\/indemipe\/fichas_r2_c9.jpg\" alt=\"\" width=\"127\" height=\"109\" name=\"fichas_r2_c9\" border=\"0\" \/><\/a><\/td>\n<\/tr>\n<tr>\n<td><a href=\"http:\/\/www.indemipe.com\/indemipe\/Carlos-Cornejo.pdf\" target=\"_blank\"><img loading=\"lazy\" id=\"fichas_r4_c1\" src=\"http:\/\/www.indemipe.com\/indemipe\/fichas_r4_c1.jpg\" alt=\"\" width=\"127\" height=\"109\" name=\"fichas_r4_c1\" border=\"0\" \/><\/a><\/td>\n<td><a href=\"http:\/\/www.indemipe.com\/indemipe\/Daniel-Cordova.pdf\" target=\"_blank\"><img loading=\"lazy\" id=\"fichas_r4_c3\" src=\"http:\/\/www.indemipe.com\/indemipe\/fichas_r4_c3.jpg\" alt=\"\" width=\"136\" height=\"109\" name=\"fichas_r4_c3\" border=\"0\" \/><\/a><\/td>\n<td><a href=\"http:\/\/www.indemipe.com\/indemipe\/Edwin-Quintanilla.pdf\" target=\"_blank\"><img loading=\"lazy\" id=\"fichas_r4_c5\" src=\"http:\/\/www.indemipe.com\/indemipe\/fichas_r4_c5.jpg\" alt=\"\" width=\"136\" height=\"109\" name=\"fichas_r4_c5\" border=\"0\" \/><\/a><\/td>\n<td><a href=\"http:\/\/www.indemipe.com\/indemipe\/Felipe-Quea.pdf\" target=\"_blank\"><img loading=\"lazy\" id=\"fichas_r4_c7\" src=\"http:\/\/www.indemipe.com\/indemipe\/fichas_r4_c7.jpg\" alt=\"\" width=\"134\" height=\"109\" name=\"fichas_r4_c7\" border=\"0\" \/><\/a><\/td>\n<td><a href=\"http:\/\/www.indemipe.com\/indemipe\/Hugo-Gomez.pdf\" target=\"_blank\"><img loading=\"lazy\" id=\"fichas_r4_c9\" src=\"http:\/\/www.indemipe.com\/indemipe\/fichas_r4_c9.jpg\" alt=\"\" width=\"127\" height=\"109\" name=\"fichas_r4_c9\" border=\"0\" \/><\/a><\/td>\n<\/tr>\n<tr>\n<td><a href=\"http:\/\/www.indemipe.com\/indemipe\/Ines-Fernandini.pdf\" target=\"_blank\"><img loading=\"lazy\" id=\"fichas_r6_c1\" src=\"http:\/\/www.indemipe.com\/indemipe\/fichas_r6_c1.jpg\" alt=\"\" width=\"127\" height=\"109\" name=\"fichas_r6_c1\" border=\"0\" \/><\/a><\/td>\n<td><a href=\"http:\/\/www.indemipe.com\/indemipe\/Jesus-Tamayo.pdf\" target=\"_blank\"><img loading=\"lazy\" id=\"fichas_r6_c3\" src=\"http:\/\/www.indemipe.com\/indemipe\/fichas_r6_c3.jpg\" alt=\"\" width=\"136\" height=\"109\" name=\"fichas_r6_c3\" border=\"0\" \/><\/a><\/td>\n<td><a href=\"http:\/\/www.indemipe.com\/indemipe\/Jorge-Pesantes.pdf\" target=\"_blank\"><img loading=\"lazy\" id=\"fichas_r6_c5\" src=\"http:\/\/www.indemipe.com\/indemipe\/fichas_r6_c5.jpg\" alt=\"\" width=\"136\" height=\"109\" name=\"fichas_r6_c5\" border=\"0\" \/><\/a><\/td>\n<td><a href=\"http:\/\/www.indemipe.com\/indemipe\/Jorge-Toyama.pdf\" target=\"_blank\"><img loading=\"lazy\" id=\"fichas_r6_c7\" src=\"http:\/\/www.indemipe.com\/indemipe\/fichas_r6_c7.jpg\" alt=\"\" width=\"134\" height=\"109\" name=\"fichas_r6_c7\" border=\"0\" \/><\/a><\/td>\n<td><a href=\"http:\/\/www.indemipe.com\/indemipe\/Jose-de-la-Puente.pdf\" target=\"_blank\"><img loading=\"lazy\" id=\"fichas_r6_c9\" src=\"http:\/\/www.indemipe.com\/indemipe\/fichas_r6_c9.jpg\" alt=\"\" width=\"127\" height=\"109\" name=\"fichas_r6_c9\" border=\"0\" \/><\/a><\/td>\n<\/tr>\n<tr>\n<td><a href=\"http:\/\/www.indemipe.com\/indemipe\/Jose-Burgos.pdf\" target=\"_blank\"><img loading=\"lazy\" id=\"fichas_r8_c2\" src=\"http:\/\/www.indemipe.com\/indemipe\/fichas_r8_c2.jpg\" alt=\"\" width=\"126\" height=\"109\" name=\"fichas_r8_c2\" border=\"0\" \/><\/a><\/td>\n<td><a href=\"http:\/\/www.indemipe.com\/indemipe\/Juan-Irarrazabal.pdf\" target=\"_blank\"><img loading=\"lazy\" id=\"fichas_r8_c3\" src=\"http:\/\/www.indemipe.com\/indemipe\/fichas_r8_c3.jpg\" alt=\"\" width=\"137\" height=\"109\" name=\"fichas_r8_c3\" border=\"0\" \/><\/a><\/td>\n<td><a href=\"http:\/\/www.indemipe.com\/indemipe\/Lucia-Ruiz.pdf\" target=\"_blank\"><img loading=\"lazy\" id=\"fichas_r8_c6\" src=\"http:\/\/www.indemipe.com\/indemipe\/fichas_r8_c6.jpg\" alt=\"\" width=\"135\" height=\"109\" name=\"fichas_r8_c6\" border=\"0\" \/><\/a><\/td>\n<td><a href=\"http:\/\/www.indemipe.com\/indemipe\/Luis-Carlos-Rodrigo.pdf\" target=\"_blank\"><img loading=\"lazy\" id=\"fichas_r8_c7\" src=\"http:\/\/www.indemipe.com\/indemipe\/fichas_r8_c7.jpg\" alt=\"\" width=\"135\" height=\"109\" name=\"fichas_r8_c7\" border=\"0\" \/><\/a><\/td>\n<td><a href=\"http:\/\/www.indemipe.com\/indemipe\/Luis-Echevarria.pdf\" target=\"_blank\"><img loading=\"lazy\" id=\"fichas_r8_c10\" src=\"http:\/\/www.indemipe.com\/indemipe\/fichas_r8_c10.jpg\" alt=\"\" width=\"126\" height=\"109\" name=\"fichas_r8_c10\" border=\"0\" \/><\/a><\/td>\n<\/tr>\n<tr>\n<td><a href=\"http:\/\/www.indemipe.com\/indemipe\/Maria-Luisa-Porto.pdf\" target=\"_blank\"><img loading=\"lazy\" id=\"fichas_r10_c2\" src=\"http:\/\/www.indemipe.com\/indemipe\/fichas_r10_c2.jpg\" alt=\"\" width=\"126\" height=\"109\" name=\"fichas_r10_c2\" border=\"0\" \/><\/a><\/td>\n<td><a href=\"http:\/\/www.indemipe.com\/indemipe\/Mariana-Abugattas.pdf\" target=\"_blank\"><img loading=\"lazy\" id=\"fichas_r10_c3\" src=\"http:\/\/www.indemipe.com\/indemipe\/fichas_r10_c3.jpg\" alt=\"\" width=\"137\" height=\"109\" name=\"fichas_r10_c3\" border=\"0\" \/><\/a><\/td>\n<td><a href=\"http:\/\/www.indemipe.com\/indemipe\/Miguel-Palomino.pdf\" target=\"_blank\"><img loading=\"lazy\" id=\"fichas_r10_c6\" src=\"http:\/\/www.indemipe.com\/indemipe\/fichas_r10_c6.jpg\" alt=\"\" width=\"135\" height=\"109\" name=\"fichas_r10_c6\" border=\"0\" \/><\/a><\/td>\n<td><a href=\"http:\/\/www.indemipe.com\/indemipe\/Renzo-Viani.pdf\" target=\"_blank\"><img loading=\"lazy\" id=\"fichas_r10_c7\" src=\"http:\/\/www.indemipe.com\/indemipe\/fichas_r10_c7.jpg\" alt=\"\" width=\"135\" height=\"109\" name=\"fichas_r10_c7\" border=\"0\" \/><\/a><\/td>\n<td><a href=\"http:\/\/www.indemipe.com\/indemipe\/Ricardo-Silva.pdf\" target=\"_blank\"><img loading=\"lazy\" id=\"fichas_r10_c10\" src=\"http:\/\/www.indemipe.com\/indemipe\/fichas_r10_c10.jpg\" alt=\"\" width=\"126\" height=\"109\" name=\"fichas_r10_c10\" border=\"0\" \/><\/a><\/td>\n<\/tr>\n<tr>\n<td><a href=\"http:\/\/www.indemipe.com\/indemipe\/Roberto-Santivanez.pdf\" target=\"_blank\"><img loading=\"lazy\" id=\"fichas_r12_c2\" src=\"http:\/\/www.indemipe.com\/indemipe\/fichas_r12_c2.jpg\" alt=\"\" width=\"127\" height=\"109\" name=\"fichas_r12_c2\" border=\"0\" \/><\/a><\/td>\n<td><a href=\"http:\/\/www.indemipe.com\/indemipe\/Roque-Benavides.pdf\" target=\"_blank\"><img loading=\"lazy\" id=\"fichas_r12_c4\" src=\"http:\/\/www.indemipe.com\/indemipe\/fichas_r12_c4.jpg\" alt=\"\" width=\"136\" height=\"109\" name=\"fichas_r12_c4\" border=\"0\" \/><\/a><\/td>\n<td><a href=\"http:\/\/www.indemipe.com\/indemipe\/SANCHEZ-ALBAVERA-FLURY-MORALES.pdf\" target=\"_blank\"><img loading=\"lazy\" id=\"fichas_r12_c6\" src=\"http:\/\/www.indemipe.com\/indemipe\/fichas_r12_c6.jpg\" alt=\"\" width=\"136\" height=\"109\" name=\"fichas_r12_c6\" border=\"0\" \/><\/a><\/td>\n<td><a href=\"http:\/\/www.indemipe.com\/indemipe\/Sebastian-Campos.pdf\" target=\"_blank\"><img loading=\"lazy\" id=\"fichas_r12_c8\" src=\"http:\/\/www.indemipe.com\/indemipe\/fichas_r12_c8.jpg\" alt=\"\" width=\"135\" height=\"109\" name=\"fichas_r12_c8\" border=\"0\" \/><\/a><\/td>\n<td><a href=\"http:\/\/www.indemipe.com\/indemipe\/Xennia-Forno.pdf\" target=\"_blank\"><img loading=\"lazy\" id=\"fichas_r12_c11\" src=\"http:\/\/www.indemipe.com\/indemipe\/fichas_r12_c11.jpg\" alt=\"\" width=\"125\" height=\"109\" name=\"fichas_r12_c11\" border=\"0\" \/><\/a><\/td>\n<\/tr>\n<\/tbody>\n<\/table>\n<p>___________________________________________________________________<\/p>\n<table border=\"0\" width=\"487\">\n<tbody>\n<tr>\n<td rowspan=\"4\"><span class=\"Estilo9\"><img loading=\"lazy\" src=\"http:\/\/www.indemipe.com\/indemipe\/imagen-congresoV.jpg\" alt=\"\" width=\"75\" height=\"87\" \/><\/span><\/td>\n<td height=\"13\">\n<hr \/>\n<\/td>\n<\/tr>\n<tr>\n<td height=\"21\"><span style=\"font-family: arial; font-size: small;\">V Congreso Internacional de Legislaci\u00f3n de Miner\u00eda, Hidrocarburos y Electricidad<\/span><\/td>\n<\/tr>\n<tr>\n<td height=\"36\"><span style=\"font-family: arial; font-size: small;\"><span style=\"color: #000000;\">Del 12 al 13 de noviembre del 2009<\/span><\/span><\/td>\n<\/tr>\n<tr>\n<td height=\"8\">\n<hr \/>\n<\/td>\n<\/tr>\n<tr bgcolor=\"#FFCC33\">\n<td colspan=\"2\" valign=\"top\">\n<div class=\"Estilo12\" align=\"center\"><span style=\"color: #333333; font-family: arial;\">Sesi\u00f3n Crisis Econ\u00f3mica y sus Lecciones<\/span><\/div>\n<\/td>\n<\/tr>\n<tr>\n<td valign=\"top\"><span style=\"color: #ff9900; font-family: arial; font-size: small;\">Tema<\/span><\/td>\n<td valign=\"top\"><span style=\"color: #ff9900; font-family: arial; font-size: small;\"><strong>Oportunidades de la Crisis<\/strong><\/span><strong>\u00a0<\/strong><\/td>\n<\/tr>\n<tr>\n<td><span style=\"color: #000000; font-family: arial; font-size: small;\">Autor<\/span><\/td>\n<td><span style=\"color: #333333; font-family: arial; font-size: small;\">Luis Baba Nakao<\/span><\/td>\n<\/tr>\n<tr>\n<td><span style=\"color: #000000; font-family: arial; font-size: small;\">Archivo<\/span><\/td>\n<td><a href=\"http:\/\/www.indemipe.com\/indemipe\/documentos\/VCongreso\/Jueves12\/1_Crisis_Economica_y_sus_Lecciones\/1_Oportunidades_de_la_Crisis\/Luis_Baba_Nakao.pdf\" target=\"_blank\"><img loading=\"lazy\" src=\"http:\/\/www.indemipe.com\/indemipe\/imagenes\/otras\/congresos\/icono-pdf.jpg\" alt=\"\" width=\"18\" height=\"18\" border=\"0\" \/><\/a><\/td>\n<\/tr>\n<tr>\n<td colspan=\"2\">\n<hr \/>\n<\/td>\n<\/tr>\n<tr>\n<td valign=\"top\"><span style=\"color: #ff9900; font-family: arial; font-size: small;\">Tema<\/span><\/td>\n<td valign=\"top\"><span style=\"color: #ff9900; font-family: arial; font-size: small;\"><strong>Oportunidades de Inversi\u00f3n en la Crisis<\/strong><\/span><strong>\u00a0<\/strong><\/td>\n<\/tr>\n<tr>\n<td><span style=\"color: #000000; font-family: arial; font-size: small;\">Autor<\/span><\/td>\n<td><span style=\"color: #333333; font-family: arial; font-size: small;\">Cayetana Aljov\u00edn<\/span><\/td>\n<\/tr>\n<tr>\n<td><span style=\"color: #000000; font-family: arial; font-size: small;\">Archivo<\/span><\/td>\n<td><a href=\"http:\/\/www.indemipe.com\/indemipe\/documentos\/VCongreso\/Jueves12\/1_Crisis_Economica_y_sus_Lecciones\/2_Oportunidades_de_Inversion_en_la_Crisis\/Cayetana_Aljovin.pdf\" target=\"_blank\"><img loading=\"lazy\" src=\"http:\/\/www.indemipe.com\/indemipe\/imagenes\/otras\/congresos\/icono-pdf.jpg\" alt=\"\" width=\"18\" height=\"18\" border=\"0\" \/><\/a><\/td>\n<\/tr>\n<tr>\n<td height=\"21\"><\/td>\n<td><\/td>\n<\/tr>\n<tr bgcolor=\"#FFCC33\">\n<td colspan=\"2\" height=\"21\">\n<div align=\"center\"><span class=\"Estilo12\" style=\"color: #333333;\"><span class=\"Estilo13\">Mesa Redonda Avances (Retrocesos) en Miner\u00eda<\/span><\/span><\/div>\n<\/td>\n<\/tr>\n<tr>\n<td valign=\"top\"><span style=\"color: #ff9900; font-family: arial; font-size: small;\">Tema<\/span><\/td>\n<td valign=\"top\"><span style=\"color: #ff9900; font-family: arial; font-size: small;\"><strong>Nuevos Criterios en el Procedimiento Minero<\/strong><\/span><strong>\u00a0<\/strong><\/td>\n<\/tr>\n<tr>\n<td><span style=\"color: #000000; font-family: arial; font-size: small;\">Autor<\/span><\/td>\n<td><span style=\"color: #333333; font-family: arial; font-size: small;\">Antonio Vega<\/span><\/td>\n<\/tr>\n<tr>\n<td><span style=\"color: #000000; font-family: arial; font-size: small;\">Archivo<\/span><\/td>\n<td><a href=\"http:\/\/www.indemipe.com\/indemipe\/documentos\/VCongreso\/Jueves12\/2_Avances_%28Retrocesos%29_en_Mineria\/1_Nuevos_Criterios_en_el_Procedimiento_Minero\/Antonio_Vega.pdf\" target=\"_blank\"><img loading=\"lazy\" src=\"http:\/\/www.indemipe.com\/indemipe\/imagenes\/otras\/congresos\/icono-pdf.jpg\" alt=\"\" width=\"18\" height=\"18\" border=\"0\" \/><\/a><\/td>\n<\/tr>\n<tr>\n<td colspan=\"2\">\n<hr \/>\n<\/td>\n<\/tr>\n<tr>\n<td valign=\"top\"><span style=\"color: #ff9900; font-family: arial; font-size: small;\">Tema<\/span><\/td>\n<td valign=\"top\"><span style=\"color: #ff9900; font-family: arial; font-size: small;\"><strong>Jurisprudencia Minera<\/strong><\/span><strong>\u00a0<\/strong><\/td>\n<\/tr>\n<tr>\n<td><span style=\"color: #000000; font-family: arial; font-size: small;\">Autor<\/span><\/td>\n<td><span style=\"color: #333333; font-family: arial; font-size: small;\">Liliana Pautrat<\/span><\/td>\n<\/tr>\n<tr>\n<td><span style=\"color: #000000; font-family: arial; font-size: small;\">Archivo<\/span><\/td>\n<td><a href=\"http:\/\/www.indemipe.com\/indemipe\/documentos\/VCongreso\/Jueves12\/2_Avances_%28Retrocesos%29_en_Mineria\/2_Jurisprudencia_Minera\/Liliana_Pautrat.pdf\" target=\"_blank\"><img loading=\"lazy\" src=\"http:\/\/www.indemipe.com\/indemipe\/imagenes\/otras\/congresos\/icono-pdf.jpg\" alt=\"\" width=\"18\" height=\"18\" border=\"0\" \/><\/a><\/td>\n<\/tr>\n<tr>\n<td colspan=\"2\">\n<hr \/>\n<\/td>\n<\/tr>\n<tr>\n<td valign=\"top\"><span style=\"color: #ff9900; font-family: arial; font-size: small;\">Tema<\/span><\/td>\n<td valign=\"top\"><span style=\"color: #ff9900; font-family: arial; font-size: small;\"><strong>Fiscalizaci\u00f3n Minera OSINERGMIN<\/strong><\/span><\/td>\n<\/tr>\n<tr>\n<td><span style=\"color: #000000; font-family: arial; font-size: small;\">Autor<\/span><\/td>\n<td><span style=\"color: #333333; font-family: arial; font-size: small;\">Humberto Martinez<\/span><\/td>\n<\/tr>\n<tr>\n<td><span style=\"color: #000000; font-family: arial; font-size: small;\">Archivo<\/span><\/td>\n<td><a href=\"http:\/\/www.indemipe.com\/indemipe\/documentos\/VCongreso\/Jueves12\/2_Avances_%28Retrocesos%29_en_Mineria\/3_Fiscalizacion_Minera_OSINERGMIN\/Humberto_Martinez.pdf\" target=\"_blank\"><img loading=\"lazy\" src=\"http:\/\/www.indemipe.com\/indemipe\/imagenes\/otras\/congresos\/icono-pdf.jpg\" alt=\"\" width=\"18\" height=\"18\" border=\"0\" \/><\/a><\/td>\n<\/tr>\n<tr>\n<td height=\"21\"><\/td>\n<td><\/td>\n<\/tr>\n<tr class=\"Estilo12\" bgcolor=\"#FFCC33\">\n<td colspan=\"2\" height=\"21\">\n<div class=\"Estilo13\" align=\"center\"><span class=\"Estilo12\" style=\"color: #333333;\">Mesa Redonda Hacia la Seguridad Energ\u00e9tica<\/span><\/div>\n<\/td>\n<\/tr>\n<tr>\n<td valign=\"top\"><span style=\"color: #ff9900; font-family: arial; font-size: small;\">Tema<\/span><\/td>\n<td valign=\"top\"><span style=\"color: #ff9900; font-family: arial; font-size: small;\"><strong>\u00bfQu\u00e9 implica Seguridad Energ\u00e9tica?<\/strong><\/span><\/td>\n<\/tr>\n<tr>\n<td><span style=\"color: #000000; font-family: arial; font-size: small;\">Autor<\/span><\/td>\n<td><span style=\"color: #333333; font-family: arial; font-size: small;\">Carlos Herrera Descalzi<\/span><\/td>\n<\/tr>\n<tr>\n<td><span style=\"color: #000000; font-family: arial; font-size: small;\">Archivo<\/span><\/td>\n<td><a href=\"http:\/\/www.indemipe.com\/indemipe\/documentos\/VCongreso\/Jueves12\/3_Hacia_la_Seguridad_Energetica\/1_Que_implica_Seguridad_Energetica\/Carlos_Herrera_Descalzi.pdf\" target=\"_blank\"><img loading=\"lazy\" src=\"http:\/\/www.indemipe.com\/indemipe\/imagenes\/otras\/congresos\/icono-pdf.jpg\" alt=\"\" width=\"18\" height=\"18\" border=\"0\" \/><\/a><\/td>\n<\/tr>\n<tr>\n<td colspan=\"2\">\n<hr \/>\n<\/td>\n<\/tr>\n<tr>\n<td valign=\"top\"><span style=\"color: #ff9900; font-family: arial; font-size: small;\">Tema<\/span><\/td>\n<td valign=\"top\"><span style=\"color: #ff9900; font-family: arial; font-size: small;\"><strong>Rol de PeruPetro<\/strong><\/span><strong>\u00a0<\/strong><\/td>\n<\/tr>\n<tr>\n<td><span style=\"color: #000000; font-family: arial; font-size: small;\">Autor<\/span><\/td>\n<td><span style=\"color: #333333; font-family: arial; font-size: small;\">Ricardo Silva<\/span><\/td>\n<\/tr>\n<tr>\n<td><span style=\"color: #000000; font-family: arial; font-size: small;\">Archivo<\/span><\/td>\n<td><a href=\"http:\/\/www.indemipe.com\/indemipe\/documentos\/VCongreso\/Jueves12\/3_Hacia_la_Seguridad_Energetica\/2_Rol_de_PeruPetro\/Ricardo_Silva.pdf\" target=\"_blank\"><img loading=\"lazy\" src=\"http:\/\/www.indemipe.com\/indemipe\/imagenes\/otras\/congresos\/icono-pdf.jpg\" alt=\"\" width=\"18\" height=\"18\" border=\"0\" \/><\/a><\/td>\n<\/tr>\n<tr>\n<td colspan=\"2\">\n<hr \/>\n<\/td>\n<\/tr>\n<tr>\n<td valign=\"top\"><span style=\"color: #ff9900; font-family: arial; font-size: small;\">Tema<\/span><\/td>\n<td valign=\"top\"><span style=\"color: #ff9900; font-family: arial; font-size: small;\"><strong>Regulacion de Transporte de Gas Natural por Ductos y Seguridad Energ\u00e9tica<\/strong><\/span><\/td>\n<\/tr>\n<tr>\n<td><span style=\"color: #000000; font-family: arial; font-size: small;\">Autor<\/span><\/td>\n<td><span style=\"color: #333333; font-family: arial; font-size: small;\">Renzo Viani<\/span><\/td>\n<\/tr>\n<tr>\n<td><span style=\"color: #000000; font-family: arial; font-size: small;\">Archivo<\/span><\/td>\n<td><a href=\"http:\/\/www.indemipe.com\/indemipe\/documentos\/VCongreso\/Jueves12\/3_Hacia_la_Seguridad_Energetica\/3_Regulacion_de_Transporte_de_Gas_Natural_por_Ductos_y_Seguridad_Energetica\/Renzo_Viani.pdf\" target=\"_blank\"><img loading=\"lazy\" src=\"http:\/\/www.indemipe.com\/indemipe\/imagenes\/otras\/congresos\/icono-pdf.jpg\" alt=\"\" width=\"18\" height=\"18\" border=\"0\" \/><\/a><\/td>\n<\/tr>\n<tr>\n<td height=\"21\"><\/td>\n<td><\/td>\n<\/tr>\n<tr class=\"Estilo12\" bgcolor=\"#FFCC33\">\n<td colspan=\"2\" height=\"21\">\n<div class=\"Estilo13\" align=\"center\">Sesi\u00f3n Modificaciones al <span style=\"color: #000000;\">R\u00e9<\/span>gimen <span style=\"color: #000000;\">L<\/span>egal <span style=\"color: #000000;\">M<\/span>inero<\/div>\n<\/td>\n<\/tr>\n<tr>\n<td valign=\"top\"><span style=\"color: #ff9900; font-family: arial; font-size: small;\">Tema<\/span><\/td>\n<td valign=\"top\"><span style=\"color: #ff9900; font-family: arial; font-size: small;\"><strong>Modificaci\u00f3n al R\u00e9gimen Legal Minero<\/strong><\/span><strong>\u00a0<\/strong><\/td>\n<\/tr>\n<tr>\n<td><span style=\"color: #000000; font-family: arial; font-size: small;\">Autor<\/span><\/td>\n<td><span style=\"color: #333333; font-family: arial; font-size: small;\">Luis Rodr\u00edguez Mari\u00e1tegui<\/span><\/td>\n<\/tr>\n<tr>\n<td><span style=\"color: #000000; font-family: arial; font-size: small;\">Archivo<\/span><\/td>\n<td><a href=\"http:\/\/www.indemipe.com\/indemipe\/documentos\/VCongreso\/Jueves12\/4_Modificaciones_al_Regimen_Legal_Minero\/Modificacion_al_Regimen_Legal_Minero\/Luis_Rodriguez_Mariategui.pdf\" target=\"_blank\"><img loading=\"lazy\" src=\"http:\/\/www.indemipe.com\/indemipe\/imagenes\/otras\/congresos\/icono-pdf.jpg\" alt=\"\" width=\"18\" height=\"18\" border=\"0\" \/><\/a><\/td>\n<\/tr>\n<tr>\n<td height=\"21\"><\/td>\n<td><\/td>\n<\/tr>\n<tr class=\"Estilo12\" bgcolor=\"#FFCC33\">\n<td colspan=\"2\" height=\"21\">\n<div class=\"Estilo13\" align=\"center\"><span style=\"color: #333333; font-family: arial;\">Sesi\u00f3n<\/span> Modificaciones al <span style=\"color: #000000;\">R\u00e9<\/span>gimen <span style=\"color: #000000;\">L<\/span>egal <span style=\"color: #000000;\">E<\/span><span style=\"color: #000000;\">l\u00e9ctrico<\/span><\/div>\n<\/td>\n<\/tr>\n<tr>\n<td valign=\"top\"><span style=\"color: #ff9900; font-family: arial; font-size: small;\">Tema<\/span><\/td>\n<td valign=\"top\"><span style=\"color: #ff9900; font-family: arial; font-size: small;\"><strong>Modificaci\u00f3n al R\u00e9gimen Legal El\u00e9ctrico<\/strong><\/span><strong>\u00a0<\/strong><\/td>\n<\/tr>\n<tr>\n<td><span style=\"color: #000000; font-family: arial; font-size: small;\">Autor<\/span><\/td>\n<td><span style=\"color: #333333; font-family: arial; font-size: small;\">Roberto Santiv\u00e1\u00f1ez<\/span><\/td>\n<\/tr>\n<tr>\n<td><span style=\"color: #000000; font-family: arial; font-size: small;\">Archivo<\/span><\/td>\n<td><a href=\"http:\/\/www.indemipe.com\/indemipe\/documentos\/VCongreso\/Jueves12\/5_Modificaciones_al_Regimen_Legal_Electrico\/Modificaciones_al_Regimen_Legal_Electrico\/Roberto_Santivanez.pdf\" target=\"_blank\"><img loading=\"lazy\" src=\"http:\/\/www.indemipe.com\/indemipe\/imagenes\/otras\/congresos\/icono-pdf.jpg\" alt=\"\" width=\"18\" height=\"18\" border=\"0\" \/><\/a><\/td>\n<\/tr>\n<tr>\n<td><\/td>\n<td><\/td>\n<\/tr>\n<tr class=\"Estilo12\" bgcolor=\"#FFCC33\">\n<td colspan=\"2\" height=\"21\">\n<div class=\"Estilo13\" align=\"center\"><span style=\"color: #333333; font-family: arial;\">Sesi\u00f3n<\/span> <span class=\"Estilo12\" style=\"color: #333333;\">Recursos H\u00eddricos<\/span><\/div>\n<\/td>\n<\/tr>\n<tr>\n<td valign=\"top\"><span style=\"color: #ff9900; font-family: arial; font-size: small;\">Tema<\/span><\/td>\n<td valign=\"top\"><span style=\"color: #ff9900; font-family: arial; font-size: small;\"><strong>La Ley de Recursos H\u00eddricos<\/strong><\/span><\/td>\n<\/tr>\n<tr>\n<td><span style=\"color: #000000; font-family: arial; font-size: small;\">Autor<\/span><\/td>\n<td><span style=\"color: #333333; font-family: arial; font-size: small;\">Lorenzo de la Puente<\/span><\/td>\n<\/tr>\n<tr>\n<td><span style=\"color: #000000; font-family: arial; font-size: small;\">Archivo<\/span><\/td>\n<td><a href=\"http:\/\/www.indemipe.com\/indemipe\/documentos\/VCongreso\/Viernes13\/1_Recursos_Hidricos\/1_La%20_Ley_de_Recursos_Hidricos\/Lorenzo_de_la_Puente.pdf\" target=\"_blank\"><img loading=\"lazy\" src=\"http:\/\/www.indemipe.com\/indemipe\/imagenes\/otras\/congresos\/icono-pdf.jpg\" alt=\".\" width=\"18\" height=\"18\" border=\"0\" \/><\/a><\/td>\n<\/tr>\n<tr>\n<td colspan=\"2\">\n<hr \/>\n<\/td>\n<\/tr>\n<tr>\n<td valign=\"top\"><span style=\"color: #ff9900; font-family: arial; font-size: small;\">Tema<\/span><\/td>\n<td valign=\"top\"><span style=\"color: #ff9900; font-family: arial; font-size: small;\"><strong>Acceso al Agua para la Producci\u00f3n<\/strong><\/span><strong>\u00a0<\/strong><\/td>\n<\/tr>\n<tr>\n<td><span style=\"color: #000000; font-family: arial; font-size: small;\">Autor<\/span><\/td>\n<td><span style=\"color: #333333; font-family: arial; font-size: small;\">Carlos Pagador<\/span><\/td>\n<\/tr>\n<tr>\n<td><span style=\"color: #000000; font-family: arial; font-size: small;\">Archivo<\/span><\/td>\n<td><a href=\"http:\/\/www.indemipe.com\/indemipe\/documentos\/VCongreso\/Viernes13\/1_Recursos_Hidricos\/2_Acceso_al_Agua_para_la_Produccion\/Carlos_Pagador.pdf\" target=\"_blank\"><img loading=\"lazy\" src=\"http:\/\/www.indemipe.com\/indemipe\/imagenes\/otras\/congresos\/icono-pdf.jpg\" alt=\".\" width=\"18\" height=\"18\" border=\"0\" \/><\/a><\/td>\n<\/tr>\n<tr>\n<td colspan=\"2\">\n<hr \/>\n<\/td>\n<\/tr>\n<tr>\n<td valign=\"top\"><span style=\"color: #ff9900; font-family: arial; font-size: small;\">Tema<\/span><\/td>\n<td valign=\"top\"><span style=\"color: #ff9900; font-family: arial; font-size: small;\"><strong>La Nueva Institucionalidad del Agua en el Per\u00fa<\/strong><\/span><\/td>\n<\/tr>\n<tr>\n<td><span style=\"color: #000000; font-family: arial; font-size: small;\">Autor<\/span><\/td>\n<td><span style=\"color: #333333; font-family: arial; font-size: small;\">Eddie Rosazza<\/span><\/td>\n<\/tr>\n<tr>\n<td><span style=\"color: #000000; font-family: arial; font-size: small;\">Archivo<\/span><\/td>\n<td><a href=\"http:\/\/www.indemipe.com\/indemipe\/documentos\/VCongreso\/Viernes13\/1_Recursos_Hidricos\/3_La_Nueva_Institucionalidad_del_Agua_en_el_Peru\/Eddie_Rosazza.pdf\" target=\"_blank\"><img loading=\"lazy\" src=\"http:\/\/www.indemipe.com\/indemipe\/imagenes\/otras\/congresos\/icono-pdf.jpg\" alt=\".\" width=\"18\" height=\"18\" border=\"0\" \/><\/a><\/td>\n<\/tr>\n<tr>\n<td><\/td>\n<td><\/td>\n<\/tr>\n<tr class=\"Estilo12\" bgcolor=\"#FFCC33\">\n<td colspan=\"2\" height=\"21\">\n<div class=\"Estilo13\" align=\"center\"><span style=\"color: #333333; font-family: arial;\">Sesi\u00f3n<\/span> Tributaci\u00f3n y Mecanismos para Promover la Inversi\u00f3n<\/div>\n<\/td>\n<\/tr>\n<tr>\n<td valign=\"top\"><span style=\"color: #ff9900; font-family: arial; font-size: small;\">Tema<\/span><\/td>\n<td valign=\"top\"><span style=\"color: #ff9900; font-family: arial; font-size: small;\"><strong>Incentivos Tributarios a la Inversi\u00f3n<\/strong><\/span><strong>\u00a0<\/strong><\/td>\n<\/tr>\n<tr>\n<td><span style=\"color: #000000; font-family: arial; font-size: small;\">Autor<\/span><\/td>\n<td><span style=\"color: #333333; font-family: arial; font-size: small;\">Constanza de la Riva<\/span><\/td>\n<\/tr>\n<tr>\n<td><span style=\"color: #000000; font-family: arial; font-size: small;\">Archivo<\/span><\/td>\n<td><a href=\"http:\/\/www.indemipe.com\/indemipe\/documentos\/VCongreso\/Viernes13\/2_Tributacion_y_Mecanismos_para_Promover_la_Inversion\/Incentivos_Tributarios_a_la_Inversion\/Constanza_de_la%20Riva.pdf\" target=\"_blank\"><img loading=\"lazy\" src=\"http:\/\/www.indemipe.com\/indemipe\/imagenes\/otras\/congresos\/icono-pdf.jpg\" alt=\"\" width=\"18\" height=\"18\" border=\"0\" \/><\/a><\/td>\n<\/tr>\n<tr>\n<td><\/td>\n<td><\/td>\n<\/tr>\n<tr class=\"Estilo12\" bgcolor=\"#FFCC33\">\n<td colspan=\"2\" height=\"21\">\n<div class=\"Estilo13\" align=\"center\"><span style=\"color: #333333; font-family: arial;\">Mesa Redonda<\/span> <span class=\"Estilo12\" style=\"color: #333333;\">Asuntos Laborales<\/span><\/div>\n<\/td>\n<\/tr>\n<tr>\n<td valign=\"top\"><span style=\"color: #ff9900; font-family: arial; font-size: small;\">Tema<\/span><\/td>\n<td valign=\"top\"><span style=\"color: #ff9900; font-family: arial; font-size: small;\"><strong>Fiscalizaciones Laborales en el Sector Minero Energ\u00e9tico<\/strong><\/span><\/td>\n<\/tr>\n<tr>\n<td><span style=\"color: #000000; font-family: arial; font-size: small;\">Autor<\/span><\/td>\n<td><span style=\"color: #333333; font-family: arial; font-size: small;\">Jorge Toyama<\/span><\/td>\n<\/tr>\n<tr>\n<td><span style=\"color: #000000; font-family: arial; font-size: small;\">Archivo<\/span><\/td>\n<td><a href=\"http:\/\/www.indemipe.com\/indemipe\/documentos\/VCongreso\/Viernes13\/3_Asuntos_Laborales\/1_Fiscalizaciones_Laborales_en_el_Sector_Minero_Energetico\/Jorge_Toyama.pdf\" target=\"_blank\"><img loading=\"lazy\" src=\"http:\/\/www.indemipe.com\/indemipe\/imagenes\/otras\/congresos\/icono-pdf.jpg\" alt=\".\" width=\"18\" height=\"18\" border=\"0\" \/><\/a><\/td>\n<\/tr>\n<tr>\n<td colspan=\"2\">\n<hr \/>\n<\/td>\n<\/tr>\n<tr>\n<td valign=\"top\"><span style=\"color: #ff9900; font-family: arial; font-size: small;\">Tema<\/span><\/td>\n<td valign=\"top\"><span style=\"color: #ff9900; font-family: arial; font-size: small;\"><strong>Reflexiones sobre las Normas Legales que regulan el Cese Colectivo<\/strong><\/span><strong>\u00a0<\/strong><\/td>\n<\/tr>\n<tr>\n<td><span style=\"color: #000000; font-family: arial; font-size: small;\">Autor<\/span><\/td>\n<td><span style=\"color: #333333; font-family: arial; font-size: small;\">Fernando Elias<\/span><\/td>\n<\/tr>\n<tr>\n<td><span style=\"color: #000000; font-family: arial; font-size: small;\">Archivo<\/span><\/td>\n<td><a href=\"http:\/\/www.indemipe.com\/indemipe\/documentos\/VCongreso\/Viernes13\/3_Asuntos_Laborales\/2_Reflexiones_sobre_las_Normas_Legales_que_regulan_el_Cese_Colectivo\/Fernando_Elias.pdf\" target=\"_blank\"><img loading=\"lazy\" src=\"http:\/\/www.indemipe.com\/indemipe\/imagenes\/otras\/congresos\/icono-pdf.jpg\" alt=\".\" width=\"18\" height=\"18\" border=\"0\" \/><\/a><\/td>\n<\/tr>\n<tr>\n<td colspan=\"2\">\n<hr \/>\n<\/td>\n<\/tr>\n<tr>\n<td valign=\"top\"><span style=\"color: #ff9900; font-family: arial; font-size: small;\">Tema<\/span><\/td>\n<td valign=\"top\"><span style=\"color: #ff9900; font-family: arial; font-size: small;\"><strong>Jornadas At\u00edpicas Mineras<\/strong><\/span><\/td>\n<\/tr>\n<tr>\n<td><span style=\"color: #000000; font-family: arial; font-size: small;\">Autor<\/span><\/td>\n<td><span style=\"color: #333333; font-family: arial; font-size: small;\">Julio C\u00e9sar Barrenechea<\/span><\/td>\n<\/tr>\n<tr>\n<td><span style=\"color: #000000; font-family: arial; font-size: small;\">Archivo<\/span><\/td>\n<td><a href=\"http:\/\/www.indemipe.com\/indemipe\/documentos\/VCongreso\/Viernes13\/3_Asuntos_Laborales\/3_Jornadas_Atipicas_Mineras\/Julio_Cesar_Barrenechea.pdf\" target=\"_blank\"><img loading=\"lazy\" src=\"http:\/\/www.indemipe.com\/indemipe\/imagenes\/otras\/congresos\/icono-pdf.jpg\" alt=\".\" width=\"18\" height=\"18\" border=\"0\" \/><\/a><\/td>\n<\/tr>\n<tr>\n<td colspan=\"2\">\n<hr \/>\n<\/td>\n<\/tr>\n<tr>\n<td valign=\"top\"><span style=\"color: #ff9900; font-family: arial; font-size: small;\">Tema<\/span><\/td>\n<td valign=\"top\"><span style=\"color: #ff9900; font-family: arial; font-size: small;\"><strong>Jurisprudencia sobre Enfermedades Profesionales<\/strong><\/span><\/td>\n<\/tr>\n<tr>\n<td><span style=\"color: #000000; font-family: arial; font-size: small;\">Autor<\/span><\/td>\n<td><span style=\"color: #333333; font-family: arial; font-size: small;\">Jos\u00e9 Ignacio Castro<\/span><\/td>\n<\/tr>\n<tr>\n<td><span style=\"color: #000000; font-family: arial; font-size: small;\">Archivo<\/span><\/td>\n<td><a href=\"http:\/\/www.indemipe.com\/indemipe\/documentos\/VCongreso\/Viernes13\/3_Asuntos_Laborales\/Jose_Ignacio_Castro\/Jose_Ignacio_Castro.pdf\" target=\"_blank\"><img loading=\"lazy\" src=\"http:\/\/www.indemipe.com\/indemipe\/imagenes\/otras\/congresos\/icono-pdf.jpg\" alt=\".\" width=\"18\" height=\"18\" border=\"0\" \/><\/a><\/td>\n<\/tr>\n<tr>\n<td><\/td>\n<td><\/td>\n<\/tr>\n<tr class=\"Estilo12\" bgcolor=\"#FFCC33\">\n<td colspan=\"2\" height=\"21\">\n<div class=\"Estilo13\" align=\"center\"><span style=\"color: #333333; font-family: arial;\">Mesa Redonda<\/span> <span class=\"Estilo12\" style=\"color: #333333;\">Estrategias de Manejo Social<\/span><\/div>\n<\/td>\n<\/tr>\n<tr>\n<td valign=\"top\"><span style=\"color: #ff9900; font-family: arial; font-size: small;\">Tema<\/span><\/td>\n<td valign=\"top\"><span style=\"color: #ff9900; font-family: arial; font-size: small;\"><strong>Tendencia a regular la Licencia Social en la Miner\u00eda Argentina<\/strong><\/span><\/td>\n<\/tr>\n<tr>\n<td><span style=\"color: #000000; font-family: arial; font-size: small;\">Autor<\/span><\/td>\n<td><span style=\"color: #333333; font-family: arial; font-size: small;\">Ricardo Barreiro<\/span><\/td>\n<\/tr>\n<tr>\n<td><span style=\"color: #000000; font-family: arial; font-size: small;\">Archivo<\/span><\/td>\n<td><a href=\"http:\/\/www.indemipe.com\/indemipe\/documentos\/VCongreso\/Viernes13\/4_Estrategias_de_Manejo_Social\/1_Tendencia_a_regular_la_Licencia_Social_en_la_Mineria\/Ricardo_Barreiro.pdf\" target=\"_blank\"><img loading=\"lazy\" src=\"http:\/\/www.indemipe.com\/indemipe\/imagenes\/otras\/congresos\/icono-pdf.jpg\" alt=\".\" width=\"18\" height=\"18\" border=\"0\" \/><\/a><\/td>\n<\/tr>\n<tr>\n<td colspan=\"2\">\n<hr \/>\n<\/td>\n<\/tr>\n<tr>\n<td valign=\"top\"><span style=\"color: #ff9900; font-family: arial; font-size: small;\">Tema<\/span><\/td>\n<td valign=\"top\"><span style=\"color: #ff9900; font-family: arial; font-size: small;\"><strong>Algunas Reflexiones sobre el Caso Chileno<\/strong><\/span><strong>\u00a0<\/strong><\/td>\n<\/tr>\n<tr>\n<td><span style=\"color: #000000; font-family: arial; font-size: small;\">Autor<\/span><\/td>\n<td><span style=\"color: #333333; font-family: arial; font-size: small;\">Cristi\u00e1n Quinzio<\/span><\/td>\n<\/tr>\n<tr>\n<td><span style=\"color: #000000; font-family: arial; font-size: small;\">Archivo<\/span><\/td>\n<td><a href=\"http:\/\/www.indemipe.com\/indemipe\/documentos\/VCongreso\/Viernes13\/4_Estrategias_de_Manejo_Social\/2_Algunas_Reflexiones_sobre_el_Caso_Chileno\/Cristian_Quinzio.pdf\" target=\"_blank\"><img loading=\"lazy\" src=\"http:\/\/www.indemipe.com\/indemipe\/imagenes\/otras\/congresos\/icono-pdf.jpg\" alt=\".\" width=\"18\" height=\"18\" border=\"0\" \/><\/a><\/td>\n<\/tr>\n<tr>\n<td><\/td>\n<td><\/td>\n<\/tr>\n<tr class=\"Estilo12\" bgcolor=\"#FFCC33\">\n<td colspan=\"2\" height=\"21\">\n<div class=\"Estilo13\" align=\"center\"><span style=\"color: #333333; font-family: arial;\">Sesi\u00f3n<\/span> <span class=\"Estilo12\" style=\"color: #333333;\">Industrias Extractivas y Medio Ambiente<\/span><\/div>\n<\/td>\n<\/tr>\n<tr>\n<td valign=\"top\"><span style=\"color: #ff9900; font-family: arial; font-size: small;\">Tema<\/span><\/td>\n<td valign=\"top\"><span style=\"color: #ff9900; font-family: arial; font-size: small;\"><strong>Conflictos Sectoriales entre Derechos Otorgados<\/strong><\/span><\/td>\n<\/tr>\n<tr>\n<td><span style=\"color: #000000; font-family: arial; font-size: small;\">Autor<\/span><\/td>\n<td><span style=\"color: #333333; font-family: arial; font-size: small;\">Julio Ram\u00edrez<\/span><\/td>\n<\/tr>\n<tr>\n<td><span style=\"color: #000000; font-family: arial; font-size: small;\">Archivo<\/span><\/td>\n<td><a href=\"http:\/\/www.indemipe.com\/indemipe\/documentos\/VCongreso\/Viernes13\/5_Industrias_Extractivas_y_Medio_Ambiente\/Conflictos_Sectoriales_entre_Derechos_Otorgados\/Julio_Ramirez.pdf\" target=\"_blank\"><img loading=\"lazy\" src=\"http:\/\/www.indemipe.com\/indemipe\/imagenes\/otras\/congresos\/icono-pdf.jpg\" alt=\".\" width=\"18\" height=\"18\" border=\"0\" \/><\/a><\/td>\n<\/tr>\n<tr>\n<td colspan=\"2\">\n<hr \/>\n<\/td>\n<\/tr>\n<tr>\n<td rowspan=\"4\" width=\"76\"><img loading=\"lazy\" src=\"http:\/\/www.indemipe.com\/indemipe\/imagenes\/otras\/congresos\/congreso.jpg\" alt=\"\" width=\"75\" height=\"88\" \/><\/td>\n<td valign=\"top\" width=\"401\">\n<hr \/>\n<\/td>\n<\/tr>\n<tr>\n<td valign=\"center\"><span style=\"font-family: arial; font-size: small;\">IV Congreso Internacional de Legislaci\u00f3n de Miner\u00eda, Hidrocarburos y Electricidad<\/span><\/td>\n<\/tr>\n<tr>\n<td align=\"center\" valign=\"center\"><span style=\"font-family: arial; font-size: small;\">Del 20 al 22 de junio de 2007<\/span><\/td>\n<\/tr>\n<tr>\n<td valign=\"bottom\">\n<hr \/>\n<\/td>\n<\/tr>\n<tr>\n<td valign=\"top\"><span style=\"color: #ff9900; font-family: arial; font-size: small;\">Tema<\/span><\/td>\n<td valign=\"top\"><span style=\"color: #ff9900; font-family: arial; font-size: small;\"><strong>Reglas para Desarrollar una Adecuada Contrataci\u00f3n Laboral<\/strong><\/span><strong>\u00a0<\/strong><\/td>\n<\/tr>\n<tr>\n<td><span style=\"color: #000000; font-family: arial; font-size: small;\">Autor<\/span><\/td>\n<td><span style=\"color: #333333; font-family: arial; font-size: small;\">Dr. Fernando El\u00edas Mantero<\/span><span style=\"color: #333333;\">\u00a0<\/span><\/td>\n<\/tr>\n<tr>\n<td><span style=\"color: #000000; font-family: arial; font-size: small;\">Archivo<\/span><\/td>\n<td><a href=\"http:\/\/www.indemipe.com\/indemipe\/imagenes\/otras\/congresos\/1.doc\" target=\"_blank\"><img loading=\"lazy\" src=\"http:\/\/www.indemipe.com\/indemipe\/imagenes\/otras\/congresos\/word.gif\" alt=\"\" width=\"16\" height=\"16\" border=\"0\" \/><\/a><\/td>\n<\/tr>\n<tr>\n<td colspan=\"2\">\n<hr \/>\n<\/td>\n<\/tr>\n<tr>\n<td valign=\"top\"><span style=\"color: #ff9900; font-family: arial; font-size: small;\">Tema<\/span><\/td>\n<td valign=\"top\"><span style=\"color: #ff9900; font-family: arial; font-size: small;\"><strong>Conclusiones del Congreso<\/strong><\/span><strong>\u00a0<\/strong><\/td>\n<\/tr>\n<tr>\n<td><span style=\"color: #000000; font-family: arial; font-size: small;\">Autor<\/span><\/td>\n<td><span style=\"color: #333333; font-family: arial; font-size: small;\">Dr. Julio Ramirez Bard\u00e1lez<\/span><span style=\"color: #333333;\">\u00a0<\/span><\/td>\n<\/tr>\n<tr>\n<td><span style=\"color: #000000; font-family: arial; font-size: small;\">Archivo<\/span><\/td>\n<td><a href=\"http:\/\/www.indemipe.com\/indemipe\/imagenes\/otras\/congresos\/2.doc\" target=\"_blank\"><img loading=\"lazy\" src=\"http:\/\/www.indemipe.com\/indemipe\/imagenes\/otras\/congresos\/word.gif\" alt=\"\" width=\"16\" height=\"16\" border=\"0\" \/><\/a><\/td>\n<\/tr>\n<tr>\n<td colspan=\"2\">\n<hr \/>\n<\/td>\n<\/tr>\n<tr>\n<td valign=\"top\"><span style=\"color: #ff9900; font-family: arial; font-size: small;\">Tema<\/span><\/td>\n<td valign=\"top\"><span style=\"color: #ff9900; font-family: arial; font-size: small;\"><strong>Participaci\u00f3n en las Utilidades de Empresas Contratistas<\/strong><\/span><strong>\u00a0<\/strong><\/td>\n<\/tr>\n<tr>\n<td><span style=\"color: #000000; font-family: arial; font-size: small;\">Autor<\/span><\/td>\n<td><span style=\"color: #333333; font-family: arial; font-size: small;\">Victor Ferro<\/span><span style=\"color: #333333;\">\u00a0<\/span><\/td>\n<\/tr>\n<tr>\n<td><span style=\"color: #000000; font-family: arial; font-size: small;\">Archivo<\/span><\/td>\n<td><a href=\"http:\/\/www.indemipe.com\/indemipe\/imagenes\/otras\/congresos\/3.doc\" target=\"_blank\"><img loading=\"lazy\" src=\"http:\/\/www.indemipe.com\/indemipe\/imagenes\/otras\/congresos\/word.gif\" alt=\"\" width=\"16\" height=\"16\" border=\"0\" \/><\/a><\/td>\n<\/tr>\n<tr>\n<td colspan=\"2\">\n<hr \/>\n<\/td>\n<\/tr>\n<tr>\n<td valign=\"top\"><span style=\"color: #ff9900; font-family: arial; font-size: small;\">Tema<\/span><\/td>\n<td valign=\"top\"><span style=\"color: #ff9900; font-family: arial; font-size: small;\"><strong>Aporte Minero: Canon Regalias y Aporte Voluntario<\/strong><\/span><strong>\u00a0<\/strong><\/td>\n<\/tr>\n<tr>\n<td><span style=\"color: #000000; font-family: arial; font-size: small;\">Autor<\/span><\/td>\n<td><span style=\"color: #333333; font-family: arial; font-size: small;\">Hugo Santa Maria <\/span><span style=\"color: #333333;\">\u00a0<\/span><\/td>\n<\/tr>\n<tr>\n<td><span style=\"color: #000000; font-family: arial; font-size: small;\">Archivo<\/span><\/td>\n<td><img loading=\"lazy\" src=\"http:\/\/www.indemipe.com\/indemipe\/imagenes\/otras\/congresos\/powerpoint.gif\" alt=\"\" width=\"16\" height=\"16\" border=\"0\" \/><\/td>\n<\/tr>\n<tr>\n<td colspan=\"2\">\n<hr \/>\n<\/td>\n<\/tr>\n<tr>\n<td valign=\"top\"><span style=\"color: #ff9900; font-family: arial; font-size: small;\">Tema<\/span><\/td>\n<td valign=\"top\"><span style=\"color: #ff9900; font-family: arial; font-size: small;\"><strong>Cuadro Comparativo Per\u00fa &#8211; Chile <\/strong><\/span><\/td>\n<\/tr>\n<tr>\n<td><span style=\"color: #000000; font-family: arial; font-size: small;\">Autor<\/span><\/td>\n<td><span style=\"color: #333333; font-family: arial; font-size: small;\">Fernando Zuzunaga<\/span><span style=\"color: #333333;\">\u00a0<\/span><\/td>\n<\/tr>\n<tr>\n<td><span style=\"color: #000000; font-family: arial; font-size: small;\">Archivo<\/span><\/td>\n<td><a href=\"http:\/\/www.indemipe.com\/indemipe\/imagenes\/otras\/congresos\/5.xls\" target=\"_blank\"><img loading=\"lazy\" src=\"http:\/\/www.indemipe.com\/indemipe\/imagenes\/otras\/congresos\/excel.jpg\" alt=\"\" width=\"19\" height=\"17\" border=\"0\" \/><\/a><\/td>\n<\/tr>\n<tr>\n<td colspan=\"2\">\n<hr \/>\n<\/td>\n<\/tr>\n<tr>\n<td valign=\"top\"><span style=\"color: #ff9900; font-family: arial; font-size: small;\">Tema<\/span><\/td>\n<td valign=\"top\"><span style=\"color: #ff9900; font-family: arial; font-size: small;\"><strong>Legislaci\u00f3n Tributaria Miner\u00eda de Chile <\/strong><\/span><\/td>\n<\/tr>\n<tr>\n<td><span style=\"color: #000000; font-family: arial; font-size: small;\">Autor<\/span><\/td>\n<td><span style=\"color: #333333; font-family: arial; font-size: small;\">Rodrigo Benitez<\/span><span style=\"color: #333333;\">\u00a0<\/span><\/td>\n<\/tr>\n<tr>\n<td><span style=\"color: #000000; font-family: arial; font-size: small;\">Archivo<\/span><\/td>\n<td><a href=\"http:\/\/www.indemipe.com\/indemipe\/imagenes\/otras\/congresos\/6.ppt\" target=\"_blank\"><img loading=\"lazy\" src=\"http:\/\/www.indemipe.com\/indemipe\/imagenes\/otras\/congresos\/powerpoint.gif\" alt=\"\" width=\"16\" height=\"16\" border=\"0\" \/><\/a><\/td>\n<\/tr>\n<tr>\n<td colspan=\"2\">\n<hr \/>\n<\/td>\n<\/tr>\n<tr>\n<td valign=\"top\"><span style=\"color: #ff9900; font-family: arial; font-size: small;\">Tema<\/span><\/td>\n<td valign=\"top\"><span style=\"color: #ff9900; font-family: arial; font-size: small;\"><strong>Responsabilidad Social y Desarrollo Sostenible Alto Andino<\/strong><\/span><strong>\u00a0<\/strong><\/td>\n<\/tr>\n<tr>\n<td><span style=\"color: #000000; font-family: arial; font-size: small;\">Autor<\/span><\/td>\n<td><span style=\"color: #333333; font-family: arial; font-size: small;\">Mauricio de Roma\u00f1a <\/span><span style=\"color: #333333;\">\u00a0<\/span><\/td>\n<\/tr>\n<tr>\n<td><span style=\"color: #000000; font-family: arial; font-size: small;\">Archivo<\/span><\/td>\n<td><img loading=\"lazy\" src=\"http:\/\/www.indemipe.com\/indemipe\/imagenes\/otras\/congresos\/powerpoint.gif\" alt=\"\" width=\"16\" height=\"16\" border=\"0\" \/><\/td>\n<\/tr>\n<tr>\n<td colspan=\"2\">\n<hr \/>\n<\/td>\n<\/tr>\n<tr>\n<td valign=\"top\"><span style=\"color: #ff9900; font-family: arial; font-size: small;\">Tema<\/span><\/td>\n<td valign=\"top\"><span style=\"color: #ff9900; font-family: arial; font-size: small;\"><strong>Mineria Ordenamiento Territorial y Sociedad en Colombia<\/strong><\/span><strong>\u00a0<\/strong><\/td>\n<\/tr>\n<tr>\n<td><span style=\"color: #000000; font-family: arial; font-size: small;\">Autor<\/span><\/td>\n<td><span style=\"color: #333333; font-family: arial; font-size: small;\">Carlos Fernando Forero Bonell<\/span><span style=\"color: #333333;\">\u00a0<\/span><\/td>\n<\/tr>\n<tr>\n<td><span style=\"color: #000000; font-family: arial; font-size: small;\">Archivo<\/span><\/td>\n<td><img loading=\"lazy\" src=\"http:\/\/www.indemipe.com\/indemipe\/imagenes\/otras\/congresos\/powerpoint.gif\" alt=\"\" width=\"16\" height=\"16\" border=\"0\" \/><\/td>\n<\/tr>\n<tr>\n<td colspan=\"2\">\n<hr \/>\n<\/td>\n<\/tr>\n<tr>\n<td valign=\"top\"><span style=\"color: #ff9900; font-family: arial; font-size: small;\">Tema<\/span><\/td>\n<td valign=\"top\"><span style=\"color: #ff9900; font-family: arial; font-size: small;\"><strong>Areas Naturales Protegidas e Industrias Extractivas: En busqueda del Equilibrio<\/strong><\/span><strong>\u00a0<\/strong><\/td>\n<\/tr>\n<tr>\n<td><span style=\"color: #000000; font-family: arial; font-size: small;\">Autor<\/span><\/td>\n<td><span style=\"color: #333333; font-family: arial; font-size: small;\">Gustavo Suarez de Freitas<\/span><span style=\"color: #333333;\">\u00a0<\/span><\/td>\n<\/tr>\n<tr>\n<td><span style=\"color: #000000; font-family: arial; font-size: small;\">Archivo<\/span><\/td>\n<td><img loading=\"lazy\" src=\"http:\/\/www.indemipe.com\/indemipe\/imagenes\/otras\/congresos\/powerpoint.gif\" alt=\"\" width=\"16\" height=\"16\" border=\"0\" \/><\/td>\n<\/tr>\n<tr>\n<td colspan=\"2\">\n<hr \/>\n<\/td>\n<\/tr>\n<tr>\n<td valign=\"top\"><span style=\"color: #ff9900; font-family: arial; font-size: small;\">Tema<\/span><\/td>\n<td valign=\"top\"><span style=\"color: #ff9900; font-family: arial; font-size: small;\"><strong>Aporte Tributario Minero Canon Regalias y Aporte Voluntario<\/strong><\/span><strong>\u00a0<\/strong><\/td>\n<\/tr>\n<tr>\n<td><span style=\"color: #000000; font-family: arial; font-size: small;\">Autor<\/span><\/td>\n<td><span style=\"color: #333333; font-family: arial; font-size: small;\">Pablo Secada <\/span><span style=\"color: #333333;\">\u00a0<\/span><\/td>\n<\/tr>\n<tr>\n<td><span style=\"color: #000000; font-family: arial; font-size: small;\">Archivo<\/span><\/td>\n<td><a href=\"http:\/\/www.indemipe.com\/indemipe\/imagenes\/otras\/congresos\/10.ppt\" target=\"_blank\"><img loading=\"lazy\" src=\"http:\/\/www.indemipe.com\/indemipe\/imagenes\/otras\/congresos\/powerpoint.gif\" alt=\"\" width=\"16\" height=\"16\" border=\"0\" \/><\/a><\/td>\n<\/tr>\n<tr>\n<td colspan=\"2\">\n<hr \/>\n<\/td>\n<\/tr>\n<tr>\n<td valign=\"top\"><span style=\"color: #ff9900; font-family: arial; font-size: small;\">Tema<\/span><\/td>\n<td valign=\"top\"><span style=\"color: #ff9900; font-family: arial; font-size: small;\"><strong>Arbitraje y Recursos Naturales<\/strong><\/span><strong>\u00a0<\/strong><\/td>\n<\/tr>\n<tr>\n<td><span style=\"color: #000000; font-family: arial; font-size: small;\">Autor<\/span><\/td>\n<td><span style=\"color: #333333; font-family: arial; font-size: small;\">Fernando Trazegnies Granda<\/span><span style=\"color: #333333;\">\u00a0<\/span><\/td>\n<\/tr>\n<tr>\n<td><span style=\"color: #000000; font-family: arial; font-size: small;\">Archivo<\/span><\/td>\n<td><a href=\"http:\/\/www.indemipe.com\/indemipe\/imagenes\/otras\/congresos\/11.doc\" target=\"_blank\"><img loading=\"lazy\" src=\"http:\/\/www.indemipe.com\/indemipe\/imagenes\/otras\/congresos\/word.gif\" alt=\"\" width=\"16\" height=\"16\" border=\"0\" \/><\/a><\/td>\n<\/tr>\n<tr>\n<td colspan=\"2\">\n<hr \/>\n<\/td>\n<\/tr>\n<tr>\n<td valign=\"top\"><span style=\"color: #ff9900; font-family: arial; font-size: small;\">Tema<\/span><\/td>\n<td valign=\"top\"><strong><span style=\"color: #ff9900; font-family: arial; font-size: small;\">Presentaci\u00f3n sobre la Miner\u00eda en la Constituci\u00f3n<\/span>\u00a0<\/strong><\/td>\n<\/tr>\n<tr>\n<td><span style=\"color: #000000; font-family: arial; font-size: small;\">Autor<\/span><\/td>\n<td><span style=\"color: #333333; font-family: arial; font-size: small;\">Marcial Antonio Rubio Correa<\/span><span style=\"color: #333333;\">\u00a0<\/span><\/td>\n<\/tr>\n<tr>\n<td><span style=\"color: #000000; font-family: arial; font-size: small;\">Archivo<\/span><\/td>\n<td><a href=\"http:\/\/www.indemipe.com\/indemipe\/imagenes\/otras\/congresos\/12.doc\" target=\"_blank\"><img loading=\"lazy\" src=\"http:\/\/www.indemipe.com\/indemipe\/imagenes\/otras\/congresos\/word.gif\" alt=\"\" width=\"16\" height=\"16\" border=\"0\" \/><\/a><\/td>\n<\/tr>\n<tr>\n<td colspan=\"2\">\n<hr \/>\n<\/td>\n<\/tr>\n<tr>\n<td valign=\"top\"><span style=\"color: #ff9900; font-family: arial; font-size: small;\">Tema<\/span><\/td>\n<td valign=\"top\"><strong><span style=\"color: #ff9900; font-family: arial; font-size: small;\">Intermediaci\u00f3n Laboral Tercerizaci\u00f3n y Empresas Contratistas<\/span>\u00a0<\/strong><\/td>\n<\/tr>\n<tr>\n<td><span style=\"color: #000000; font-family: arial; font-size: small;\">Autor<\/span><\/td>\n<td><span style=\"color: #333333; font-family: arial; font-size: small;\">Juan Carlos Cort\u00e9s Carcel\u00e9n<\/span><span style=\"color: #333333;\">\u00a0<\/span><\/td>\n<\/tr>\n<tr>\n<td><span style=\"color: #000000; font-family: arial; font-size: small;\">Archivo<\/span><\/td>\n<td><a href=\"http:\/\/www.indemipe.com\/indemipe\/imagenes\/otras\/congresos\/13.doc\" target=\"_blank\"><img loading=\"lazy\" src=\"http:\/\/www.indemipe.com\/indemipe\/imagenes\/otras\/congresos\/word.gif\" alt=\"\" width=\"16\" height=\"16\" border=\"0\" \/><\/a><\/td>\n<\/tr>\n<tr>\n<td colspan=\"2\">\n<hr \/>\n<\/td>\n<\/tr>\n<tr>\n<td valign=\"top\"><span style=\"color: #ff9900; font-family: arial; font-size: small;\">Tema<\/span><\/td>\n<td valign=\"top\"><strong><span style=\"color: #ff9900; font-family: arial; font-size: small;\">Cambio de Matriz Energetica y Desarrollo Sostenible Objetivos de Politica de Estado<\/span>\u00a0<\/strong><\/td>\n<\/tr>\n<tr>\n<td><span style=\"color: #000000; font-family: arial; font-size: small;\">Autor<\/span><\/td>\n<td><span style=\"color: #333333; font-family: arial; font-size: small;\">Pedro Gamio Aita <\/span><span style=\"color: #333333;\">\u00a0<\/span><\/td>\n<\/tr>\n<tr>\n<td><span style=\"color: #000000; font-family: arial; font-size: small;\">Archivo<\/span><\/td>\n<td><a href=\"http:\/\/www.indemipe.com\/indemipe\/imagenes\/otras\/congresos\/14.pdf\" target=\"_blank\"><img loading=\"lazy\" src=\"http:\/\/www.indemipe.com\/indemipe\/imagenes\/otras\/congresos\/icono-pdf.jpg\" alt=\"\" width=\"18\" height=\"18\" border=\"0\" \/><\/a><\/td>\n<\/tr>\n<tr>\n<td colspan=\"2\">\n<hr \/>\n<\/td>\n<\/tr>\n<tr>\n<td valign=\"top\"><span style=\"color: #ff9900; font-family: arial; font-size: small;\">Tema<\/span><\/td>\n<td valign=\"top\"><strong><span style=\"color: #ff9900; font-family: arial; font-size: small;\">Instrumentos de Gesti\u00f3n Ambiental y Fiscalizacion <\/span>\u00a0<\/strong><\/td>\n<\/tr>\n<tr>\n<td><span style=\"color: #000000; font-family: arial; font-size: small;\">Autor<\/span><\/td>\n<td><span style=\"color: #333333; font-family: arial; font-size: small;\">Luis Vera Morales <\/span><span style=\"color: #333333;\">\u00a0<\/span><\/td>\n<\/tr>\n<tr>\n<td><span style=\"color: #000000; font-family: arial; font-size: small;\">Archivo<\/span><\/td>\n<td><a href=\"http:\/\/www.indemipe.com\/indemipe\/imagenes\/otras\/congresos\/15.ppt\" target=\"_blank\"><img loading=\"lazy\" src=\"http:\/\/www.indemipe.com\/indemipe\/imagenes\/otras\/congresos\/powerpoint.gif\" alt=\"\" width=\"16\" height=\"16\" border=\"0\" \/><\/a><\/td>\n<\/tr>\n<tr>\n<td colspan=\"2\">\n<hr \/>\n<\/td>\n<\/tr>\n<tr>\n<td valign=\"top\"><span style=\"color: #ff9900; font-family: arial; font-size: small;\">Tema<\/span><\/td>\n<td valign=\"top\"><strong><span style=\"color: #ff9900; font-family: arial; font-size: small;\">La Actividad Minera y Petrolera frente a la Problematica Ambiental<\/span>\u00a0<\/strong><\/td>\n<\/tr>\n<tr>\n<td><span style=\"color: #000000; font-family: arial; font-size: small;\">Autor<\/span><\/td>\n<td><span style=\"color: #333333; font-family: arial; font-size: small;\">Gabriel R. Macchiavello<\/span><span style=\"color: #333333;\">\u00a0<\/span><\/td>\n<\/tr>\n<tr>\n<td><span style=\"color: #000000; font-family: arial; font-size: small;\">Archivo<\/span><\/td>\n<td><a href=\"http:\/\/www.indemipe.com\/indemipe\/imagenes\/otras\/congresos\/16.ppt\" target=\"_blank\"><img loading=\"lazy\" src=\"http:\/\/www.indemipe.com\/indemipe\/imagenes\/otras\/congresos\/powerpoint.gif\" alt=\"\" width=\"16\" height=\"16\" border=\"0\" \/><\/a><\/td>\n<\/tr>\n<tr>\n<td colspan=\"2\">\n<hr \/>\n<\/td>\n<\/tr>\n<tr>\n<td valign=\"top\"><span style=\"color: #ff9900; font-family: arial; font-size: small;\">Tema<\/span><\/td>\n<td valign=\"top\"><strong><span style=\"color: #ff9900; font-family: arial; font-size: small;\">Manejo Ambiental y Relaciones Comunitarias en las Industrias Extractivas en el Peru<\/span>\u00a0<\/strong><\/td>\n<\/tr>\n<tr>\n<td><span style=\"color: #000000; font-family: arial; font-size: small;\">Autor<\/span><\/td>\n<td><span style=\"color: #333333; font-family: arial; font-size: small;\">Antonio Bernales Alvarado<\/span><span style=\"color: #333333;\">\u00a0<\/span><\/td>\n<\/tr>\n<tr>\n<td><span style=\"color: #000000; font-family: arial; font-size: small;\">Archivo<\/span><\/td>\n<td><img loading=\"lazy\" src=\"http:\/\/www.indemipe.com\/indemipe\/imagenes\/otras\/congresos\/powerpoint.gif\" alt=\"\" width=\"16\" height=\"16\" border=\"0\" \/><\/td>\n<\/tr>\n<tr>\n<td colspan=\"2\">\n<hr \/>\n<\/td>\n<\/tr>\n<tr>\n<td valign=\"top\"><span style=\"color: #ff9900; font-family: arial; font-size: small;\">Tema<\/span><\/td>\n<td valign=\"top\"><strong><span style=\"color: #ff9900; font-family: arial; font-size: small;\">Discurso de Inauguraci\u00f3n<\/span>\u00a0<\/strong><\/td>\n<\/tr>\n<tr>\n<td><span style=\"color: #000000; font-family: arial; font-size: small;\">Autor<\/span><\/td>\n<td><span style=\"color: #333333; font-family: arial; font-size: small;\">Ysaac Cruz <\/span><span style=\"color: #333333;\">\u00a0<\/span><\/td>\n<\/tr>\n<tr>\n<td><span style=\"color: #000000; font-family: arial; font-size: small;\">Archivo<\/span><\/td>\n<td><a href=\"http:\/\/www.indemipe.com\/indemipe\/imagenes\/otras\/congresos\/18.doc\" target=\"_blank\"><img loading=\"lazy\" src=\"http:\/\/www.indemipe.com\/indemipe\/imagenes\/otras\/congresos\/word.gif\" alt=\"\" width=\"16\" height=\"16\" border=\"0\" \/><\/a><\/td>\n<\/tr>\n<tr>\n<td colspan=\"2\">\n<hr \/>\n<\/td>\n<\/tr>\n<tr>\n<td valign=\"top\"><span style=\"color: #ff9900; font-family: arial; font-size: small;\">Tema<\/span><\/td>\n<td valign=\"top\"><strong><span style=\"color: #ff9900; font-family: arial; font-size: small;\">Retos y Perspectivas de la Economia, Mineria, Energia e Hidrocarburos<\/span>\u00a0<\/strong><\/td>\n<\/tr>\n<tr>\n<td><span style=\"color: #000000; font-family: arial; font-size: small;\">Autor<\/span><\/td>\n<td><span style=\"color: #333333; font-family: arial; font-size: small;\">Fernando Zavala<\/span><span style=\"color: #333333;\">\u00a0<\/span><\/td>\n<\/tr>\n<tr>\n<td><span style=\"color: #000000; font-family: arial; font-size: small;\">Archivo<\/span><\/td>\n<td><img loading=\"lazy\" src=\"http:\/\/www.indemipe.com\/indemipe\/imagenes\/otras\/congresos\/powerpoint.gif\" alt=\"\" width=\"16\" height=\"16\" border=\"0\" \/><\/td>\n<\/tr>\n<tr>\n<td colspan=\"2\">\n<hr \/>\n<\/td>\n<\/tr>\n<tr>\n<td valign=\"top\"><span style=\"color: #ff9900; font-family: arial; font-size: small;\">Tema<\/span><\/td>\n<td valign=\"top\"><strong><span style=\"color: #ff9900; font-family: arial; font-size: small;\">Desarrollo Sostenible y Recursos Naturales<br \/>\nFicha de Inscripci\u00f3n<\/span>\u00a0<\/strong><\/td>\n<\/tr>\n<tr>\n<td><span style=\"color: #000000; font-family: arial; font-size: small;\">Autor<\/span><\/td>\n<td><\/td>\n<\/tr>\n<tr>\n<td><span style=\"color: #000000; font-family: arial; font-size: small;\">Archivo<\/span><\/td>\n<td><a href=\"http:\/\/www.indemipe.com\/indemipe\/imagenes\/otras\/congresos\/20.pdf\" target=\"_blank\"><img loading=\"lazy\" src=\"http:\/\/www.indemipe.com\/indemipe\/imagenes\/otras\/congresos\/icono-pdf.jpg\" alt=\"\" width=\"18\" height=\"18\" border=\"0\" \/><\/a><\/td>\n<\/tr>\n<tr>\n<td colspan=\"2\">\n<hr \/>\n<\/td>\n<\/tr>\n<tr>\n<td valign=\"top\"><span style=\"color: #ff9900; font-family: arial; font-size: small;\">Tema<\/span><\/td>\n<td valign=\"top\"><strong><span style=\"color: #ff9900; font-family: arial; font-size: small;\">Desarrollo Sostenible y Recursos Naturales<br \/>\nPrograma del Congreso<\/span>\u00a0<\/strong><\/td>\n<\/tr>\n<tr>\n<td><span style=\"color: #000000; font-family: arial; font-size: small;\">Autor<\/span><\/td>\n<td><\/td>\n<\/tr>\n<tr>\n<td><span style=\"color: #000000; font-family: arial; font-size: small;\">Archivo<\/span><\/td>\n<td><a href=\"http:\/\/www.indemipe.com\/indemipe\/imagenes\/otras\/congresos\/21.pdf\" target=\"_blank\"><img loading=\"lazy\" src=\"http:\/\/www.indemipe.com\/indemipe\/imagenes\/otras\/congresos\/icono-pdf.jpg\" alt=\"\" width=\"18\" height=\"18\" border=\"0\" \/><\/a><\/td>\n<\/tr>\n<tr>\n<td colspan=\"2\">\n<hr \/>\n<\/td>\n<\/tr>\n<tr>\n<td><\/td>\n<td><\/td>\n<\/tr>\n<tr>\n<td rowspan=\"4\"><span style=\"font-family: arial; font-size: small;\"><img loading=\"lazy\" src=\"http:\/\/www.indemipe.com\/indemipe\/imagenes\/otras\/congresos\/Congreso1999.jpg\" alt=\"\" width=\"75\" height=\"93\" border=\"0\" \/><\/span><\/td>\n<td valign=\"top\">\n<hr \/>\n<\/td>\n<\/tr>\n<tr>\n<td valign=\"center\"><span style=\"color: #333333; font-family: arial; font-size: small;\">Congreso Internacional de Legislacion Minera<\/span><span style=\"color: #333333;\">\u00a0<\/span><\/td>\n<\/tr>\n<tr>\n<td align=\"center\" valign=\"center\"><span style=\"color: #333333; font-family: arial; font-size: small;\">13 y 14 de octubre de 1999<\/span><span style=\"color: #333333;\">\u00a0<\/span><\/td>\n<\/tr>\n<tr>\n<td valign=\"bottom\">\n<hr \/>\n<\/td>\n<\/tr>\n<tr>\n<td><\/td>\n<td><\/td>\n<\/tr>\n<tr>\n<td rowspan=\"4\"><span style=\"font-family: arial; font-size: small;\"><img loading=\"lazy\" src=\"http:\/\/www.indemipe.com\/indemipe\/imagenes\/otras\/congresos\/Congreso2000.jpg\" alt=\"\" width=\"75\" height=\"83\" border=\"0\" \/><\/span><\/td>\n<td valign=\"top\">\n<hr \/>\n<\/td>\n<\/tr>\n<tr>\n<td valign=\"center\"><span style=\"font-family: arial; font-size: small;\">I Congreso Internacional de Legislacion de Miner\u00eda, Petr\u00f3leo y Energ\u00eda<\/span><\/td>\n<\/tr>\n<tr>\n<td align=\"center\" valign=\"center\"><span style=\"font-family: arial; font-size: small;\">6-7 de noviembre de 2001<\/span><\/td>\n<\/tr>\n<tr>\n<td valign=\"bottom\">\n<hr \/>\n<\/td>\n<\/tr>\n<tr>\n<td valign=\"top\"><span style=\"color: #ff9900; font-family: arial; font-size: small;\">Tema<\/span><\/td>\n<td valign=\"top\"><strong><span style=\"color: #ff9900; font-family: arial; font-size: small;\">Nuevo codigo minas Colombia<\/span>\u00a0<\/strong><\/td>\n<\/tr>\n<tr>\n<td><span style=\"color: #000000; font-family: arial; font-size: small;\">Autor<\/span><\/td>\n<td><span style=\"color: #333333; font-family: arial; font-size: small;\">Aurelio Martinez Canabal<\/span><span style=\"color: #333333;\">\u00a0<\/span><\/td>\n<\/tr>\n<tr>\n<td><span style=\"color: #000000; font-family: arial; font-size: small;\">Archivo<\/span><\/td>\n<td><a href=\"http:\/\/www.indemipe.com\/indemipe\/imagenes\/otras\/congresos\/22.ppt\" target=\"_blank\"><img loading=\"lazy\" src=\"http:\/\/www.indemipe.com\/indemipe\/imagenes\/otras\/congresos\/powerpoint.gif\" alt=\"\" width=\"16\" height=\"16\" border=\"0\" \/><\/a><\/td>\n<\/tr>\n<tr>\n<td colspan=\"2\">\n<hr \/>\n<\/td>\n<\/tr>\n<tr>\n<td valign=\"top\"><span style=\"color: #ff9900; font-family: arial; font-size: small;\">Tema<\/span><\/td>\n<td valign=\"top\"><strong><span style=\"color: #ff9900; font-family: arial; font-size: small;\">Ventajas Comparativas en Mineria<\/span>\u00a0<\/strong><\/td>\n<\/tr>\n<tr>\n<td><span style=\"color: #000000; font-family: arial; font-size: small;\">Autor<\/span><\/td>\n<td><span style=\"color: #333333; font-family: arial; font-size: small;\">Ing Jaime Quijandria<\/span><span style=\"color: #333333;\">\u00a0<\/span><\/td>\n<\/tr>\n<tr>\n<td><span style=\"color: #000000; font-family: arial; font-size: small;\">Archivo<\/span><\/td>\n<td><a href=\"http:\/\/www.indemipe.com\/indemipe\/imagenes\/otras\/congresos\/23.doc\" target=\"_blank\"><img loading=\"lazy\" src=\"http:\/\/www.indemipe.com\/indemipe\/imagenes\/otras\/congresos\/word.gif\" alt=\"\" width=\"16\" height=\"16\" border=\"0\" \/><\/a><\/td>\n<\/tr>\n<tr>\n<td colspan=\"2\">\n<hr \/>\n<\/td>\n<\/tr>\n<tr>\n<td valign=\"top\"><span style=\"color: #ff9900; font-family: arial; font-size: small;\">Tema<\/span><\/td>\n<td valign=\"top\"><strong><span style=\"color: #ff9900; font-family: arial; font-size: small;\">Interconexion Energetica-Sector Gas<\/span>\u00a0<\/strong><\/td>\n<\/tr>\n<tr>\n<td><span style=\"color: #000000; font-family: arial; font-size: small;\">Autor<\/span><\/td>\n<td><span style=\"color: #333333; font-family: arial; font-size: small;\">Ruben Sabatini<\/span><span style=\"color: #333333;\">\u00a0<\/span><\/td>\n<\/tr>\n<tr>\n<td><span style=\"color: #000000; font-family: arial; font-size: small;\">Archivo<\/span><\/td>\n<td><a href=\"http:\/\/www.indemipe.com\/indemipe\/imagenes\/otras\/congresos\/24.doc\" target=\"_blank\"><img loading=\"lazy\" src=\"http:\/\/www.indemipe.com\/indemipe\/imagenes\/otras\/congresos\/word.gif\" alt=\"\" width=\"16\" height=\"16\" border=\"0\" \/><\/a><\/td>\n<\/tr>\n<tr>\n<td colspan=\"2\">\n<hr \/>\n<\/td>\n<\/tr>\n<tr>\n<td valign=\"top\"><span style=\"color: #ff9900; font-family: arial; font-size: small;\">Tema<\/span><\/td>\n<td valign=\"top\"><strong><span style=\"color: #ff9900; font-family: arial; font-size: small;\">Reflexiones entorno al desarrollo sustentable<\/span>\u00a0<\/strong><\/td>\n<\/tr>\n<tr>\n<td><span style=\"color: #000000; font-family: arial; font-size: small;\">Autor<\/span><\/td>\n<td><span style=\"color: #333333; font-family: arial; font-size: small;\">Ernesto R Fontaine<\/span><span style=\"color: #333333;\">\u00a0<\/span><\/td>\n<\/tr>\n<tr>\n<td><span style=\"color: #000000; font-family: arial; font-size: small;\">Archivo<\/span><\/td>\n<td><a href=\"http:\/\/www.indemipe.com\/indemipe\/imagenes\/otras\/congresos\/25.doc\" target=\"_blank\"><img loading=\"lazy\" src=\"http:\/\/www.indemipe.com\/indemipe\/imagenes\/otras\/congresos\/word.gif\" alt=\"\" width=\"16\" height=\"16\" border=\"0\" \/><\/a><\/td>\n<\/tr>\n<tr>\n<td colspan=\"2\">\n<hr \/>\n<\/td>\n<\/tr>\n<tr>\n<td valign=\"top\"><span style=\"color: #ff9900; font-family: arial; font-size: small;\">Tema<\/span><\/td>\n<td valign=\"top\"><strong><span style=\"color: #ff9900; font-family: arial; font-size: small;\">Exposicion Alicia Dominguez-Chile y Andres Valle-Peru<\/span>\u00a0<\/strong><\/td>\n<\/tr>\n<tr>\n<td><span style=\"color: #000000; font-family: arial; font-size: small;\">Autor<\/span><\/td>\n<td><span style=\"color: #333333; font-family: arial; font-size: small;\">Alicia Dominguez y Andres Valle<\/span><span style=\"color: #333333;\">\u00a0<\/span><\/td>\n<\/tr>\n<tr>\n<td><span style=\"color: #000000; font-family: arial; font-size: small;\">Archivo<\/span><\/td>\n<td><a href=\"http:\/\/www.indemipe.com\/indemipe\/imagenes\/otras\/congresos\/26.ppt\" target=\"_blank\"><img loading=\"lazy\" src=\"http:\/\/www.indemipe.com\/indemipe\/imagenes\/otras\/congresos\/powerpoint.gif\" alt=\"\" width=\"16\" height=\"16\" border=\"0\" \/><\/a><\/td>\n<\/tr>\n<tr>\n<td colspan=\"2\">\n<hr \/>\n<\/td>\n<\/tr>\n<tr>\n<td valign=\"top\"><span style=\"color: #ff9900; font-family: arial; font-size: small;\">Tema<\/span><\/td>\n<td valign=\"top\"><strong><span style=\"color: #ff9900; font-family: arial; font-size: small;\">Indemnizaciones por da\u00f1os y perjuicios por accidentes de trabajo y enfermedades profesionales<\/span>\u00a0<\/strong><\/td>\n<\/tr>\n<tr>\n<td><span style=\"color: #000000; font-family: arial; font-size: small;\">Autor<\/span><\/td>\n<td><span style=\"color: #333333; font-family: arial; font-size: small;\">Fernando Elias Mantero<\/span><span style=\"color: #333333;\">\u00a0<\/span><\/td>\n<\/tr>\n<tr>\n<td><span style=\"color: #000000; font-family: arial; font-size: small;\">Archivo<\/span><\/td>\n<td><a href=\"http:\/\/www.indemipe.com\/indemipe\/imagenes\/otras\/congresos\/27.ppt\" target=\"_blank\"><img loading=\"lazy\" src=\"http:\/\/www.indemipe.com\/indemipe\/imagenes\/otras\/congresos\/powerpoint.gif\" alt=\"\" width=\"16\" height=\"16\" border=\"0\" \/><\/a><\/td>\n<\/tr>\n<tr>\n<td colspan=\"2\">\n<hr \/>\n<\/td>\n<\/tr>\n<tr>\n<td valign=\"top\"><span style=\"color: #ff9900; font-family: arial; font-size: small;\">Tema<\/span><\/td>\n<td valign=\"top\"><strong><span style=\"color: #ff9900; font-family: arial; font-size: small;\">Relaciones con la Poblacion, Municipios y Fuerza Laboral en Mineria y Energia<\/span>\u00a0<\/strong><\/td>\n<\/tr>\n<tr>\n<td><span style=\"color: #000000; font-family: arial; font-size: small;\">Autor<\/span><\/td>\n<td><span style=\"color: #333333; font-family: arial; font-size: small;\">Felipe Cantuarias<\/span><span style=\"color: #333333;\">\u00a0<\/span><\/td>\n<\/tr>\n<tr>\n<td><span style=\"color: #000000; font-family: arial; font-size: small;\">Archivo<\/span><\/td>\n<td><a href=\"http:\/\/www.indemipe.com\/indemipe\/imagenes\/otras\/congresos\/28.ppt\" target=\"_blank\"><img loading=\"lazy\" src=\"http:\/\/www.indemipe.com\/indemipe\/imagenes\/otras\/congresos\/powerpoint.gif\" alt=\"\" width=\"16\" height=\"16\" border=\"0\" \/><\/a><\/td>\n<\/tr>\n<tr>\n<td colspan=\"2\">\n<hr \/>\n<\/td>\n<\/tr>\n<\/tbody>\n<\/table>\n<p>&nbsp;<\/p>\n","protected":false},"excerpt":{"rendered":"<p>___________________________________________________________________ V Congreso Internacional de Legislaci\u00f3n de Miner\u00eda, Hidrocarburos y Electricidad Del 12 al 13 de noviembre del 2009 Sesi\u00f3n Crisis Econ\u00f3mica y sus Lecciones Tema Oportunidades de la Crisis\u00a0 Autor Luis Baba Nakao Archivo Tema Oportunidades de Inversi\u00f3n en la Crisis\u00a0 Autor Cayetana Aljov\u00edn Archivo Mesa Redonda Avances (Retrocesos) en Miner\u00eda Tema Nuevos Criterios [&hellip;]<\/p>\n","protected":false},"author":1,"featured_media":0,"parent":0,"menu_order":4,"comment_status":"closed","ping_status":"closed","template":"","meta":{"_bbp_topic_count":0,"_bbp_reply_count":0,"_bbp_total_topic_count":0,"_bbp_total_reply_count":0,"_bbp_voice_count":0,"_bbp_anonymous_reply_count":0,"_bbp_topic_count_hidden":0,"_bbp_reply_count_hidden":0,"_bbp_forum_subforum_count":0},"_links":{"self":[{"href":"http:\/\/www.indemipe.com\/indemipe3\/index.php?rest_route=\/wp\/v2\/pages\/237"}],"collection":[{"href":"http:\/\/www.indemipe.com\/indemipe3\/index.php?rest_route=\/wp\/v2\/pages"}],"about":[{"href":"http:\/\/www.indemipe.com\/indemipe3\/index.php?rest_route=\/wp\/v2\/types\/page"}],"author":[{"embeddable":true,"href":"http:\/\/www.indemipe.com\/indemipe3\/index.php?rest_route=\/wp\/v2\/users\/1"}],"replies":[{"embeddable":true,"href":"http:\/\/www.indemipe.com\/indemipe3\/index.php?rest_route=%2Fwp%2Fv2%2Fcomments&post=237"}],"version-history":[{"count":0,"href":"http:\/\/www.indemipe.com\/indemipe3\/index.php?rest_route=\/wp\/v2\/pages\/237\/revisions"}],"wp:attachment":[{"href":"http:\/\/www.indemipe.com\/indemipe3\/index.php?rest_route=%2Fwp%2Fv2%2Fmedia&parent=237"}],"curies":[{"name":"wp","href":"https:\/\/api.w.org\/{rel}","templated":true}]}}